{"id":7922,"date":"2025-02-11T10:02:58","date_gmt":"2025-02-11T10:02:58","guid":{"rendered":"https:\/\/hublift.nl\/project\/warenlift-mit-personenfuehrung-fuer-einen-secondhand-laden\/"},"modified":"2025-02-12T10:38:11","modified_gmt":"2025-02-12T10:38:11","slug":"warenlift-mit-personenfuehrung-fuer-einen-secondhand-laden","status":"publish","type":"project","link":"https:\/\/hublift.nl\/de\/project\/warenlift-mit-personenfuehrung-fuer-einen-secondhand-laden\/","title":{"rendered":"Warenlift mit Personenf\u00fchrung f\u00fcr einen Secondhand-Laden"},"content":{"rendered":"<p>[et_pb_section fb_built=&#8220;1&#8243; custom_padding_last_edited=&#8220;on|tablet&#8220; next_background_color=&#8220;#E4F2FF&#8220; admin_label=&#8220;Hero Section&#8220; _builder_version=&#8220;4.19.0&#8243; use_background_color_gradient=&#8220;on&#8220; background_color_gradient_type=&#8220;circular&#8220; background_color_gradient_direction_radial=&#8220;bottom left&#8220; background_color_gradient_stops=&#8220;#206ab2 20%|rgba(9,49,88,0.2) 100%&#8220; background_color_gradient_overlays_image=&#8220;on&#8220; background_color_gradient_start=&#8220;#206ab2&#8243; background_color_gradient_start_position=&#8220;20%&#8220; background_color_gradient_end=&#8220;rgba(9,49,88,0.2)&#8220; background_image=&#8220;https:\/\/hublift.nl\/wp-content\/uploads\/2022\/11\/MikeHuberts-20221104-MIKE3721.jpg&#8220; custom_padding=&#8220;100px|0px|150px|0px||&#8220; custom_padding_tablet=&#8220;|||&#8220; custom_padding_phone=&#8220;|||&#8220; bottom_divider_style=&#8220;asymmetric2&#8243; bottom_divider_flip=&#8220;horizontal&#8220; collapsed=&#8220;on&#8220; global_colors_info=&#8220;{}&#8220;][et_pb_row _builder_version=&#8220;4.17.6&#8243; width=&#8220;100%&#8220; max_width=&#8220;1820px&#8220; custom_padding=&#8220;|||&#8220; animation_style=&#8220;slide&#8220; animation_direction=&#8220;bottom&#8220; animation_intensity_slide=&#8220;10%&#8220; global_colors_info=&#8220;{}&#8220;][et_pb_column type=&#8220;4_4&#8243; _builder_version=&#8220;4.16&#8243; custom_padding=&#8220;|||&#8220; global_colors_info=&#8220;{}&#8220; custom_padding__hover=&#8220;|||&#8220;][et_pb_text admin_label=&#8220;Title and subhead&#8220; _builder_version=&#8220;4.17.6&#8243; text_font=&#8220;Ubuntu||||||||&#8220; text_text_color=&#8220;rgba(255,255,255,0.7)&#8220; header_font=&#8220;Montserrat|700|||||||&#8220; header_text_color=&#8220;#ffffff&#8220; header_font_size=&#8220;50px&#8220; header_2_font=&#8220;||||||||&#8220; text_orientation=&#8220;center&#8220; max_width=&#8220;1080px&#8220; module_alignment=&#8220;center&#8220; custom_margin=&#8220;|576px||||&#8220; header_font_size_phone=&#8220;40px&#8220; locked=&#8220;off&#8220; global_colors_info=&#8220;{}&#8220;]<\/p>\n<h1>Warenlift mit Personenf\u00fchrung f\u00fcr einen Secondhand-Laden<\/h1>\n<p>[\/et_pb_text][\/et_pb_column][\/et_pb_row][\/et_pb_section][et_pb_section fb_built=&#8220;1&#8243; next_background_color=&#8220;#ffffff&#8220; admin_label=&#8220;Video&#8220; _builder_version=&#8220;4.16&#8243; background_color=&#8220;#E4F2FF&#8220; custom_padding=&#8220;||100px||false|false&#8220; top_divider_flip=&#8220;vertical|horizontal&#8220; bottom_divider_style=&#8220;asymmetric2&#8243; bottom_divider_flip=&#8220;horizontal&#8220; collapsed=&#8220;on&#8220; global_colors_info=&#8220;{}&#8220;][et_pb_row _builder_version=&#8220;4.16&#8243; global_colors_info=&#8220;{}&#8220;][et_pb_column type=&#8220;4_4&#8243; _builder_version=&#8220;4.16&#8243; global_colors_info=&#8220;{}&#8220;][et_pb_text _builder_version=&#8220;4.16&#8243; text_font_size=&#8220;22px&#8220; header_2_font=&#8220;|700|||||||&#8220; header_2_font_size=&#8220;30px&#8220; global_colors_info=&#8220;{}&#8220;]<\/p>\n<h2>Ergebnis<\/h2>\n<p>[\/et_pb_text][et_pb_text _builder_version=&#8220;4.16&#8243; global_colors_info=&#8220;{}&#8220;]<\/p>\n<p>Der Aufzug wurde so gebaut, dass er genau in die bereits vom Statiker angefertigte Bodenaussparung passte. Zu diesem Zweck lieferte Hublift einen selbsttragenden Schacht, der speziell f\u00fcr das bestehende Geb\u00e4ude angefertigt wurde. In den Schacht wurde ein Aufzug eingebaut, mit dem die Nutzer des Geb\u00e4udes, haupts\u00e4chlich ein Secondhand-Laden, ihre Waren in den 1.  <span><\/span><\/p>\n<p>Normalerweise wird der Aufzug nur f\u00fcr den Transport von G\u00fctern verwendet, wobei eine Person die G\u00fcter bei Bedarf begleiten kann. Es wurde eine vollst\u00e4ndig geschlossene Kabine gebaut, die die Sicherheit von G\u00fctern und Personen gew\u00e4hrleistet. So k\u00f6nnen auch Menschen mit Behinderungen den Lastenaufzug sicher nutzen.  <span><\/span><\/p>\n<p><span><\/span><\/p>\n<p><strong>Lesen Sie unten mehr \u00fcber den gesamten Prozess oder sehen Sie sich unten auf der Seite weitere Fotos an.<\/strong><\/p>\n<p>[\/et_pb_text][et_pb_video src=&#8220;https:\/\/youtu.be\/1fKGWn79sdM&#8220; play_icon_color=&#8220;#206AB2&#8243; _builder_version=&#8220;4.19.0&#8243; _module_preset=&#8220;default&#8220; module_alignment=&#8220;center&#8220; locked=&#8220;off&#8220; global_colors_info=&#8220;{}&#8220;][\/et_pb_video][et_pb_text _builder_version=&#8220;4.19.0&#8243; custom_padding=&#8220;||0px|||&#8220; global_colors_info=&#8220;{}&#8220;]<\/p>\n<p style=\"text-align: center;\">M\u00f6chten Sie mehr \u00fcber dieses Projekt oder unsere Lastenaufz\u00fcge erfahren?<\/p>\n<p>[\/et_pb_text][et_pb_button button_url=&#8220;https:\/\/hublift.nl\/de\/kontakt\/&#8220; button_text=&#8220;Kontaktiere uns!&#8220; button_alignment=&#8220;center&#8220; admin_label=&#8220;Button&#8220; _builder_version=&#8220;4.16&#8243; custom_button=&#8220;on&#8220; button_text_size=&#8220;16px&#8220; button_text_color=&#8220;#ffffff&#8220; button_bg_color=&#8220;#216ab1&#8243; button_border_width=&#8220;0px&#8220; button_border_radius=&#8220;5px&#8220; button_letter_spacing=&#8220;2px&#8220; button_font=&#8220;Ubuntu|||on|||||&#8220; button_use_icon=&#8220;off&#8220; background_layout=&#8220;dark&#8220; custom_margin=&#8220;-10px|||||&#8220; custom_padding=&#8220;14px|28px|14px|28px&#8220; button_text_color_hover=&#8220;#ffffff&#8220; button_letter_spacing_hover=&#8220;2px&#8220; button_bg_color_hover=&#8220;#1fb6e9&#8243; locked=&#8220;off&#8220; global_colors_info=&#8220;{}&#8220; button_text_size__hover_enabled=&#8220;off&#8220; button_one_text_size__hover_enabled=&#8220;off&#8220; button_two_text_size__hover_enabled=&#8220;off&#8220; button_text_color__hover_enabled=&#8220;on&#8220; button_text_color__hover=&#8220;#ffffff&#8220; button_one_text_color__hover_enabled=&#8220;off&#8220; button_two_text_color__hover_enabled=&#8220;off&#8220; button_border_width__hover_enabled=&#8220;off&#8220; button_one_border_width__hover_enabled=&#8220;off&#8220; button_two_border_width__hover_enabled=&#8220;off&#8220; button_border_color__hover_enabled=&#8220;off&#8220; button_one_border_color__hover_enabled=&#8220;off&#8220; button_two_border_color__hover_enabled=&#8220;off&#8220; button_border_radius__hover_enabled=&#8220;off&#8220; button_one_border_radius__hover_enabled=&#8220;off&#8220; button_two_border_radius__hover_enabled=&#8220;off&#8220; button_letter_spacing__hover_enabled=&#8220;on&#8220; button_letter_spacing__hover=&#8220;2px&#8220; button_one_letter_spacing__hover_enabled=&#8220;off&#8220; button_two_letter_spacing__hover_enabled=&#8220;off&#8220; button_bg_color__hover_enabled=&#8220;on&#8220; button_bg_color__hover=&#8220;#1fb6e9&#8243; button_one_bg_color__hover_enabled=&#8220;off&#8220; button_two_bg_color__hover_enabled=&#8220;off&#8220;][\/et_pb_button][\/et_pb_column][\/et_pb_row][\/et_pb_section][et_pb_section fb_built=&#8220;1&#8243; _builder_version=&#8220;4.16&#8243; collapsed=&#8220;on&#8220; global_colors_info=&#8220;{}&#8220;][et_pb_row _builder_version=&#8220;4.16&#8243; global_colors_info=&#8220;{}&#8220;][et_pb_column type=&#8220;4_4&#8243; _builder_version=&#8220;4.16&#8243; global_colors_info=&#8220;{}&#8220;][et_pb_text _builder_version=&#8220;4.16&#8243; text_font_size=&#8220;22px&#8220; header_2_font=&#8220;|700|||||||&#8220; header_2_font_size=&#8220;30px&#8220; custom_margin=&#8220;||13px|||&#8220; global_colors_info=&#8220;{}&#8220;]<\/p>\n<h2>Anfrage<\/h2>\n<p>[\/et_pb_text][et_pb_text _builder_version=&#8220;4.19.0&#8243; global_colors_info=&#8220;{}&#8220;]<\/p>\n<p>F\u00fcr ein multifunktionales Geb\u00e4ude in Deutschland hat die Gemeinde eine Ausschreibung f\u00fcr die Aufz\u00fcge in dem Geb\u00e4ude durchgef\u00fchrt. Diese Ausschreibung wurde von unserem deutschen Kollegen Volkslift gewonnen, der sich anschlie\u00dfend an uns wandte, um diesen Aufzug tats\u00e4chlich zu entwerfen und zu liefern. Da die Anforderungen zu speziell f\u00fcr eine Standardl\u00f6sung waren, wurde Hublift hinzugezogen.  <\/p>\n<p>Das Mehrzweckgeb\u00e4ude wird von mehreren Besuchern genutzt und da es einen Secondhand-Laden beherbergt, war ein Lastenaufzug erforderlich. Der Lastenaufzug musste au\u00dferdem strenge Sicherheitsanforderungen erf\u00fcllen, da auch Personen transportiert werden m\u00fcssen. <\/p>\n<p>Benutzerfreundlichkeit und Stabilit\u00e4t der Plattform waren entscheidende Anforderungen. Auch die Zuverl\u00e4ssigkeit war sehr wichtig, da der Lift viel benutzt wird. <\/p>\n<p>[\/et_pb_text][\/et_pb_column][\/et_pb_row][et_pb_row _builder_version=&#8220;4.16&#8243; global_colors_info=&#8220;{}&#8220;][et_pb_column type=&#8220;4_4&#8243; _builder_version=&#8220;4.16&#8243; global_colors_info=&#8220;{}&#8220;][et_pb_text _builder_version=&#8220;4.16&#8243; text_font_size=&#8220;22px&#8220; header_2_font=&#8220;|700|||||||&#8220; header_2_font_size=&#8220;30px&#8220; min_height=&#8220;19px&#8220; custom_margin=&#8220;||12px|||&#8220; global_colors_info=&#8220;{}&#8220;]<\/p>\n<h2>Design<\/h2>\n<p>[\/et_pb_text][et_pb_text _builder_version=&#8220;4.19.0&#8243; global_colors_info=&#8220;{}&#8220;]<\/p>\n<p>Hublift baut keine unsinnigen Lastenaufz\u00fcge. Die Entwurfsphase ist entscheidend, um ein gutes Verst\u00e4ndnis f\u00fcr die Anforderungen des Kunden zu entwickeln. Sobald wir die Bed\u00fcrfnisse gut verstanden haben, beraten wir unsere Kunden, wie sie den Aufzug am besten nutzen und wie der Kunde so effizient wie m\u00f6glich mit dem Aufzug arbeiten kann. All diese \u00dcberlegungen werden bei der Entwicklung unserer Lifte ber\u00fccksichtigt.<\/p>\n<p>Der Kunde war auf der Suche nach einem geeigneten Design, das sich von einem normalen Personen- oder Lastenaufzug unterscheidet. Sicherheit, Benutzerfreundlichkeit und Stabilit\u00e4t standen ganz oben auf der Priorit\u00e4tenliste des Kunden. Gemeinsam mit dem Auftragnehmer wurde auf der Grundlage eines umfassenden Anforderungspakets ein Produkt entwickelt, das genau auf den Entwurf des Architekten und die W\u00fcnsche des Kunden abgestimmt war.  <\/p>\n<p>Mit Hilfe von Handschaltern in der Kabine kann der Aufzug von Personen benutzt werden, die zusammen mit Waren im Aufzug sitzen k\u00f6nnen.<\/p>\n<p>[\/et_pb_text][et_pb_image src=&#8220;https:\/\/hublift.nl\/wp-content\/uploads\/2022\/11\/Goederenlift-met-persoonsbegeleiding-Technische-tekening.jpg&#8220; alt=&#8220;Technische Zeichnung &#8211; Lastenaufzug mit Personenf\u00fchrung&#8220; title_text=&#8220;Technische Zeichnung &#8211; Lastenaufzug mit Personenf\u00fchrung&#8220; _builder_version=&#8220;4.19.0&#8243; width=&#8220;100%&#8220; max_width=&#8220;100%&#8220; module_alignment=&#8220;center&#8220; custom_margin=&#8220;||||false|false&#8220; global_colors_info=&#8220;{}&#8220;][\/et_pb_image][\/et_pb_column][\/et_pb_row][et_pb_row _builder_version=&#8220;4.16&#8243; global_colors_info=&#8220;{}&#8220;][et_pb_column type=&#8220;4_4&#8243; _builder_version=&#8220;4.16&#8243; global_colors_info=&#8220;{}&#8220;][et_pb_text _builder_version=&#8220;4.16&#8243; text_font_size=&#8220;22px&#8220; header_2_font=&#8220;|700|||||||&#8220; header_2_font_size=&#8220;30px&#8220; custom_margin=&#8220;||15px|||&#8220; global_colors_info=&#8220;{}&#8220;]<\/p>\n<h2>Installation<\/h2>\n<p>[\/et_pb_text][et_pb_text _builder_version=&#8220;4.19.0&#8243; global_colors_info=&#8220;{}&#8220;]<\/p>\n<p>Der Einbau eines solchen Lifts ist nicht besonders schwierig. Es handelt sich um ein Produkt mit vielen Komponenten und elektronischen Sicherheitsvorkehrungen, aber dank seiner relativ geringen Gr\u00f6\u00dfe ist es schnell zu installieren. Unsere Ingenieure begannen mit dem Bau des selbsttragenden Schachts. Nach der Installation der Hydraulikkomponenten und der Kabine wurden alle elektronischen Komponenten installiert und ausgiebig getestet.  <\/p>\n<p>In Absprache mit dem Kunden wurden die Installationsarbeiten so geplant, dass die St\u00f6rung so gering wie m\u00f6glich gehalten wurde. W\u00e4hrend der Installation des Aufzugs fanden auch andere Bauarbeiten an dem Geb\u00e4ude statt. Nachdem unser Partner Volkslift den Aufzug getestet hatte, \u00fcbergab er ihn an den Kunden, der ihn sofort in Betrieb nahm.    <\/p>\n<p>[\/et_pb_text][\/et_pb_column][\/et_pb_row][et_pb_row _builder_version=&#8220;4.16&#8243; global_colors_info=&#8220;{}&#8220;][et_pb_column type=&#8220;4_4&#8243; _builder_version=&#8220;4.16&#8243; global_colors_info=&#8220;{}&#8220;][et_pb_image src=&#8220;https:\/\/hublift.nl\/wp-content\/uploads\/2022\/11\/MikeHuberts-20221104-MIKE3721.jpg&#8220; alt=&#8220;Lastenaufzug mit Personenf\u00fchrung &#8211; In einem Gesch\u00e4ft&#8220; title_text=&#8220;Lastenaufzug mit Personenf\u00fchrung &#8211; In einem Gesch\u00e4ft&#8220; show_in_lightbox=&#8220;on&#8220; align=&#8220;center&#8220; force_fullwidth=&#8220;on&#8220; _builder_version=&#8220;4.19.0&#8243; global_colors_info=&#8220;{}&#8220;][\/et_pb_image][\/et_pb_column][\/et_pb_row][et_pb_row column_structure=&#8220;1_2,1_2&#8243; _builder_version=&#8220;4.16&#8243; global_colors_info=&#8220;{}&#8220;][et_pb_column type=&#8220;1_2&#8243; _builder_version=&#8220;4.16&#8243; global_colors_info=&#8220;{}&#8220;][et_pb_image src=&#8220;https:\/\/hublift.nl\/wp-content\/uploads\/2022\/11\/MikeHuberts-20221104-MIKE3765.jpg&#8220; alt=&#8220;Lastenaufzug mit Personenf\u00fchrung &#8211; Mit offener T\u00fcr zur Kabine&#8220; title_text=&#8220;Lastenaufzug mit Personenf\u00fchrung &#8211; Mit offener T\u00fcr zur Kabine&#8220; show_in_lightbox=&#8220;on&#8220; _builder_version=&#8220;4.19.0&#8243; global_colors_info=&#8220;{}&#8220;][\/et_pb_image][\/et_pb_column][et_pb_column type=&#8220;1_2&#8243; _builder_version=&#8220;4.16&#8243; global_colors_info=&#8220;{}&#8220;][et_pb_image src=&#8220;https:\/\/hublift.nl\/wp-content\/uploads\/2022\/11\/MikeHuberts-20221104-MIKE3685.jpg&#8220; alt=&#8220;Lastenaufzug mit Personenf\u00fchrung &#8211; Kabine&#8220; title_text=&#8220;Lastenaufzug mit Personenf\u00fchrung &#8211; Kabine&#8220; show_in_lightbox=&#8220;on&#8220; _builder_version=&#8220;4.19.0&#8243; global_colors_info=&#8220;{}&#8220;][\/et_pb_image][\/et_pb_column][\/et_pb_row][et_pb_row column_structure=&#8220;1_3,1_3,1_3&#8243; _builder_version=&#8220;4.16&#8243; global_colors_info=&#8220;{}&#8220;][et_pb_column type=&#8220;1_3&#8243; _builder_version=&#8220;4.16&#8243; global_colors_info=&#8220;{}&#8220;][et_pb_image src=&#8220;https:\/\/hublift.nl\/wp-content\/uploads\/2022\/11\/MikeHuberts-20221104-MIKE3763.jpg&#8220; alt=&#8220;Lastenaufzug mit Personenf\u00fchrung &#8211; Bedienung an der Au\u00dfenseite des Aufzugs&#8220; title_text=&#8220;Lastenaufzug mit Personenf\u00fchrung &#8211; Bedienung an der Au\u00dfenseite des Aufzugs&#8220; show_in_lightbox=&#8220;on&#8220; _builder_version=&#8220;4.19.0&#8243; global_colors_info=&#8220;{}&#8220;][\/et_pb_image][\/et_pb_column][et_pb_column type=&#8220;1_3&#8243; _builder_version=&#8220;4.16&#8243; global_colors_info=&#8220;{}&#8220;][et_pb_image src=&#8220;https:\/\/hublift.nl\/wp-content\/uploads\/2022\/11\/MikeHuberts-20221104-MIKE3760.jpg&#8220; alt=&#8220;Lastenaufzug mit Personenf\u00fchrung &#8211; \u00dcbersicht Kabine&#8220; title_text=&#8220;Lastenaufzug mit Personenf\u00fchrung &#8211; \u00dcbersicht Kabine&#8220; show_in_lightbox=&#8220;on&#8220; _builder_version=&#8220;4.19.0&#8243; global_colors_info=&#8220;{}&#8220;][\/et_pb_image][\/et_pb_column][et_pb_column type=&#8220;1_3&#8243; _builder_version=&#8220;4.16&#8243; global_colors_info=&#8220;{}&#8220;][et_pb_image src=&#8220;https:\/\/hublift.nl\/wp-content\/uploads\/2022\/11\/MikeHuberts-20221104-MIKE3739.jpg&#8220; alt=&#8220;Lastenaufzug mit Personenf\u00fchrung &#8211; Geschlossene T\u00fcr&#8220; title_text=&#8220;Lastenaufzug mit Personenf\u00fchrung &#8211; Geschlossene T\u00fcr&#8220; show_in_lightbox=&#8220;on&#8220; _builder_version=&#8220;4.19.0&#8243; global_colors_info=&#8220;{}&#8220;][\/et_pb_image][\/et_pb_column][\/et_pb_row][et_pb_row column_structure=&#8220;1_2,1_2&#8243; _builder_version=&#8220;4.17.6&#8243; global_colors_info=&#8220;{}&#8220;][et_pb_column type=&#8220;1_2&#8243; _builder_version=&#8220;4.16&#8243; global_colors_info=&#8220;{}&#8220;][et_pb_image src=&#8220;https:\/\/hublift.nl\/wp-content\/uploads\/2022\/11\/MikeHuberts-20221104-MIKE3761.jpg&#8220; alt=&#8220;Lastenaufzug mit Personenf\u00fchrung &#8211; Bedienung von der Kabine aus&#8220; title_text=&#8220;Lastenaufzug mit Personenf\u00fchrung &#8211; Bedienung von der Kabine aus&#8220; show_in_lightbox=&#8220;on&#8220; _builder_version=&#8220;4.19.0&#8243; global_colors_info=&#8220;{}&#8220;][\/et_pb_image][\/et_pb_column][et_pb_column type=&#8220;1_2&#8243; _builder_version=&#8220;4.16&#8243; global_colors_info=&#8220;{}&#8220;][et_pb_image src=&#8220;https:\/\/hublift.nl\/wp-content\/uploads\/2022\/11\/MikeHuberts-20221104-MIKE3748.jpg&#8220; alt=&#8220;Lastenaufzug mit Personenf\u00fchrung &#8211; Betrieb&#8220; title_text=&#8220;Lastenaufzug mit Personenf\u00fchrung &#8211; Betrieb&#8220; show_in_lightbox=&#8220;on&#8220; _builder_version=&#8220;4.19.0&#8243; global_colors_info=&#8220;{}&#8220;][\/et_pb_image][\/et_pb_column][\/et_pb_row][et_pb_row column_structure=&#8220;1_3,1_3,1_3&#8243; _builder_version=&#8220;4.17.6&#8243; global_colors_info=&#8220;{}&#8220;][et_pb_column type=&#8220;1_3&#8243; _builder_version=&#8220;4.16&#8243; global_colors_info=&#8220;{}&#8220;][et_pb_image src=&#8220;https:\/\/hublift.nl\/wp-content\/uploads\/2022\/11\/MikeHuberts-20221104-MIKE3732.jpg&#8220; alt=&#8220;Warenlift mit Personenf\u00fchrung &#8211; In einem Gesch\u00e4ft mit Regalen&#8220; title_text=&#8220;Warenlift mit Personenf\u00fchrung &#8211; In einem Gesch\u00e4ft mit Regalen&#8220; show_in_lightbox=&#8220;on&#8220; _builder_version=&#8220;4.19.0&#8243; global_colors_info=&#8220;{}&#8220;][\/et_pb_image][\/et_pb_column][et_pb_column type=&#8220;1_3&#8243; _builder_version=&#8220;4.16&#8243; global_colors_info=&#8220;{}&#8220;][et_pb_image src=&#8220;https:\/\/hublift.nl\/wp-content\/uploads\/2022\/11\/MikeHuberts-20221104-MIKE3718.jpg&#8220; alt=&#8220;Lastenaufzug mit Personenf\u00fchrung &#8211; Au\u00dfent\u00fcr&#8220; title_text=&#8220;Lastenaufzug mit Personenf\u00fchrung &#8211; Au\u00dfent\u00fcr&#8220; show_in_lightbox=&#8220;on&#8220; _builder_version=&#8220;4.19.0&#8243; global_colors_info=&#8220;{}&#8220;][\/et_pb_image][\/et_pb_column][et_pb_column type=&#8220;1_3&#8243; _builder_version=&#8220;4.17.6&#8243; _module_preset=&#8220;default&#8220; global_colors_info=&#8220;{}&#8220;][et_pb_image src=&#8220;https:\/\/hublift.nl\/wp-content\/uploads\/2022\/11\/MikeHuberts-20221104-MIKE3699.jpg&#8220; alt=&#8220;Lastenaufzug mit Personenf\u00fchrung &#8211; Exterior&#8220; title_text=&#8220;Lastenaufzug mit Personenf\u00fchrung &#8211; Exterior&#8220; show_in_lightbox=&#8220;on&#8220; _builder_version=&#8220;4.19.0&#8243; global_colors_info=&#8220;{}&#8220;][\/et_pb_image][\/et_pb_column][\/et_pb_row][\/et_pb_section][et_pb_section fb_built=&#8220;1&#8243; admin_label=&#8220;Contact Section&#8220; _builder_version=&#8220;4.14.2&#8243; background_color=&#8220;#E4F2FF&#8220; background_image=&#8220;https:\/\/hublift.nl\/wp-content\/uploads\/2019\/11\/section-background.jpg&#8220; parallax=&#8220;on&#8220; custom_padding=&#8220;100px|0px|0px|0px|false|false&#8220; top_divider_style=&#8220;asymmetric2&#8243; top_divider_color=&#8220;#FFFFFF&#8220; top_divider_flip=&#8220;vertical&#8220; box_shadow_style=&#8220;preset7&#8243; box_shadow_horizontal=&#8220;0px&#8220; box_shadow_vertical=&#8220;80px&#8220; box_shadow_color=&#8220;#2a3443&#8243; global_module=&#8220;4216&#8243; saved_tabs=&#8220;all&#8220; locked=&#8220;off&#8220; collapsed=&#8220;on&#8220; global_colors_info=&#8220;{}&#8220;][et_pb_row column_structure=&#8220;1_2,1_2&#8243; use_custom_gutter=&#8220;on&#8220; gutter_width=&#8220;1&#8243; make_equal=&#8220;on&#8220; admin_label=&#8220;Contact Row&#8220; module_class=&#8220; et_pb_row_fullwidth&#8220; _builder_version=&#8220;4.16&#8243; background_enable_color=&#8220;off&#8220; width=&#8220;100%&#8220; width_tablet=&#8220;100%&#8220; width_phone=&#8220;&#8220; width_last_edited=&#8220;on|desktop&#8220; max_width=&#8220;100%&#8220; max_width_tablet=&#8220;100%&#8220; max_width_phone=&#8220;&#8220; max_width_last_edited=&#8220;on|desktop&#8220; custom_padding=&#8220;0px||0px|&#8220; make_fullwidth=&#8220;on&#8220; collapsed=&#8220;off&#8220; global_colors_info=&#8220;{}&#8220;][et_pb_column type=&#8220;1_2&#8243; _builder_version=&#8220;4.16&#8243; custom_padding=&#8220;140px|10%|60px|10%&#8220; global_colors_info=&#8220;{}&#8220; custom_padding__hover=&#8220;|||&#8220;][et_pb_text admin_label=&#8220;Title&#8220; _builder_version=&#8220;4.20.2&#8243; text_font=&#8220;||||||||&#8220; link_font=&#8220;|700|||||||&#8220; header_font=&#8220;||||||||&#8220; header_2_font_size=&#8220;50px&#8220; header_2_line_height=&#8220;1.4em&#8220; max_width=&#8220;100%&#8220; module_alignment=&#8220;center&#8220; custom_margin=&#8220;|||&#8220; custom_padding=&#8220;||0px|||&#8220; locked=&#8220;off&#8220; global_colors_info=&#8220;{}&#8220;]<\/p>\n<h2>Let&#8217;s Work Together<\/h2>\n<p>Gerne <a href=\"https:\/\/hublift.nl\/de\/kontakt\/\">beraten wir Sie unverbindlich<\/a> und sorgen daf\u00fcr, dass Ihr Aufzug Ihren Anforderungen entspricht. Kein Schnickschnack, der unn\u00f6tig hohe Preise verursacht, denn wir konzentrieren uns auf den Ursprung der Nachfrage, um den Aufzug zu schaffen, der perfekt zu Ihren Bed\u00fcrfnissen passt.<\/p>\n<p>[\/et_pb_text][\/et_pb_column][et_pb_column type=&#8220;1_2&#8243; _builder_version=&#8220;4.16&#8243; _module_preset=&#8220;default&#8220; global_colors_info=&#8220;{}&#8220;][et_pb_button button_url=&#8220;@ET-DC@eyJkeW5hbWljIjp0cnVlLCJjb250ZW50IjoicG9zdF9saW5rX3VybF9wYWdlIiwic2V0dGluZ3MiOnsicG9zdF9pZCI6IjQ2In19@&#8220; button_text=&#8220;Kontaktieren Sie uns direkt&#8220; button_alignment=&#8220;center&#8220; admin_label=&#8220;Button&#8220; _builder_version=&#8220;4.16&#8243; _dynamic_attributes=&#8220;button_url&#8220; custom_button=&#8220;on&#8220; button_text_size=&#8220;16px&#8220; button_text_color=&#8220;#FFFFFF&#8220; button_bg_color=&#8220;#206AB2&#8243; button_border_width=&#8220;0px&#8220; button_border_radius=&#8220;5px&#8220; button_letter_spacing=&#8220;2px&#8220; button_font=&#8220;Ubuntu||||||||&#8220; button_icon=&#8220;&#x3d;||divi||400&#8243; button_icon_color=&#8220;#FFFFFF&#8220; button_on_hover=&#8220;off&#8220; positioning=&#8220;absolute&#8220; position_origin_a=&#8220;center_left&#8220; position_origin_r=&#8220;top_right&#8220; background_layout=&#8220;dark&#8220; custom_margin=&#8220;40px||0px||false|false&#8220; custom_padding=&#8220;14px|36px|14px|28px|false|false&#8220; button_text_color_hover=&#8220;#ffffff&#8220; button_letter_spacing_hover=&#8220;2px&#8220; button_bg_color_hover=&#8220;#1fb6e9&#8243; locked=&#8220;off&#8220; global_colors_info=&#8220;{}&#8220; button_text_size__hover_enabled=&#8220;off&#8220; button_one_text_size__hover_enabled=&#8220;off&#8220; button_two_text_size__hover_enabled=&#8220;off&#8220; button_text_color__hover_enabled=&#8220;on&#8220; button_text_color__hover=&#8220;#ffffff&#8220; button_one_text_color__hover_enabled=&#8220;off&#8220; button_two_text_color__hover_enabled=&#8220;off&#8220; button_border_width__hover_enabled=&#8220;off&#8220; button_one_border_width__hover_enabled=&#8220;off&#8220; button_two_border_width__hover_enabled=&#8220;off&#8220; button_border_color__hover_enabled=&#8220;off&#8220; button_one_border_color__hover_enabled=&#8220;off&#8220; button_two_border_color__hover_enabled=&#8220;off&#8220; button_border_radius__hover_enabled=&#8220;off&#8220; button_one_border_radius__hover_enabled=&#8220;off&#8220; button_two_border_radius__hover_enabled=&#8220;off&#8220; button_letter_spacing__hover_enabled=&#8220;on&#8220; button_letter_spacing__hover=&#8220;2px&#8220; button_one_letter_spacing__hover_enabled=&#8220;off&#8220; button_two_letter_spacing__hover_enabled=&#8220;off&#8220; button_bg_color__hover_enabled=&#8220;on&#8220; button_bg_color__hover=&#8220;#1fb6e9&#8243; button_one_bg_color__hover_enabled=&#8220;off&#8220; button_two_bg_color__hover_enabled=&#8220;off&#8220;][\/et_pb_button][\/et_pb_column][\/et_pb_row][\/et_pb_section]<\/p>\n","protected":false},"excerpt":{"rendered":"<p>Warenlift mit Personenf\u00fchrung f\u00fcr einen Secondhand-LadenErgebnisDer Aufzug wurde so gebaut, dass er genau in die bereits vom Statiker angefertigte Bodenaussparung passte. Zu diesem Zweck lieferte Hublift einen selbsttragenden Schacht, der speziell f\u00fcr das bestehende Geb\u00e4ude angefertigt wurde. In den Schacht wurde ein Aufzug eingebaut, mit dem die Nutzer des Geb\u00e4udes, haupts\u00e4chlich ein Secondhand-Laden, ihre Waren [&hellip;]<\/p>\n","protected":false},"author":4,"featured_media":5834,"comment_status":"closed","ping_status":"closed","template":"","meta":{"_et_pb_use_builder":"on","_et_pb_old_content":"","_et_gb_content_width":"","inline_featured_image":false,"footnotes":""},"project_category":[32,31],"project_tag":[],"class_list":["post-7922","project","type-project","status-publish","has-post-thumbnail","hentry","project_category-lastenaufzug-mit-selbsttragendem-schacht","project_category-lastenaufzuge"],"yoast_head":"<!-- This site is optimized with the Yoast SEO Premium plugin v26.5 (Yoast SEO v26.8) - https:\/\/yoast.com\/product\/yoast-seo-premium-wordpress\/ -->\n<title>Clevere L\u00f6sung: Warenlift f\u00fcr Wohlt\u00e4tigkeitsladen<\/title>\n<meta name=\"robots\" content=\"index, follow, max-snippet:-1, max-image-preview:large, max-video-preview:-1\" \/>\n<link rel=\"canonical\" href=\"https:\/\/hublift.nl\/de\/project\/warenlift-mit-personenfuehrung-fuer-einen-secondhand-laden\/\" \/>\n<meta property=\"og:locale\" content=\"de_DE\" \/>\n<meta property=\"og:type\" content=\"article\" \/>\n<meta property=\"og:title\" content=\"Warenlift mit Personenf\u00fchrung f\u00fcr einen Secondhand-Laden\" \/>\n<meta property=\"og:description\" content=\"Warenlift mit Personenf\u00fchrung f\u00fcr einen Secondhand-LadenErgebnisDer Aufzug wurde so gebaut, dass er genau in die bereits vom Statiker angefertigte Bodenaussparung passte. Zu diesem Zweck lieferte Hublift einen selbsttragenden Schacht, der speziell f\u00fcr das bestehende Geb\u00e4ude angefertigt wurde. In den Schacht wurde ein Aufzug eingebaut, mit dem die Nutzer des Geb\u00e4udes, haupts\u00e4chlich ein Secondhand-Laden, ihre Waren [&hellip;]\" \/>\n<meta property=\"og:url\" content=\"https:\/\/hublift.nl\/de\/project\/warenlift-mit-personenfuehrung-fuer-einen-secondhand-laden\/\" \/>\n<meta property=\"og:site_name\" content=\"Hublift\" \/>\n<meta property=\"article:modified_time\" content=\"2025-02-12T10:38:11+00:00\" \/>\n<meta property=\"og:image\" content=\"https:\/\/hublift.nl\/wp-content\/uploads\/2022\/11\/MikeHuberts-20221104-MIKE3721.jpg\" \/>\n\t<meta property=\"og:image:width\" content=\"1344\" \/>\n\t<meta property=\"og:image:height\" content=\"896\" \/>\n\t<meta property=\"og:image:type\" content=\"image\/jpeg\" \/>\n<meta name=\"twitter:card\" content=\"summary_large_image\" \/>\n<meta name=\"twitter:label1\" content=\"Gesch\u00e4tzte Lesezeit\" \/>\n\t<meta name=\"twitter:data1\" content=\"13\u00a0Minuten\" \/>\n<script type=\"application\/ld+json\" class=\"yoast-schema-graph\">{\"@context\":\"https:\/\/schema.org\",\"@graph\":[{\"@type\":\"WebPage\",\"@id\":\"https:\/\/hublift.nl\/de\/project\/warenlift-mit-personenfuehrung-fuer-einen-secondhand-laden\/\",\"url\":\"https:\/\/hublift.nl\/de\/project\/warenlift-mit-personenfuehrung-fuer-einen-secondhand-laden\/\",\"name\":\"Clevere L\u00f6sung: Warenlift f\u00fcr Wohlt\u00e4tigkeitsladen\",\"isPartOf\":{\"@id\":\"https:\/\/hublift.nl\/de\/#website\"},\"primaryImageOfPage\":{\"@id\":\"https:\/\/hublift.nl\/de\/project\/warenlift-mit-personenfuehrung-fuer-einen-secondhand-laden\/#primaryimage\"},\"image\":{\"@id\":\"https:\/\/hublift.nl\/de\/project\/warenlift-mit-personenfuehrung-fuer-einen-secondhand-laden\/#primaryimage\"},\"thumbnailUrl\":\"https:\/\/hublift.nl\/wp-content\/uploads\/2022\/11\/MikeHuberts-20221104-MIKE3721.jpg\",\"datePublished\":\"2025-02-11T10:02:58+00:00\",\"dateModified\":\"2025-02-12T10:38:11+00:00\",\"breadcrumb\":{\"@id\":\"https:\/\/hublift.nl\/de\/project\/warenlift-mit-personenfuehrung-fuer-einen-secondhand-laden\/#breadcrumb\"},\"inLanguage\":\"de\",\"potentialAction\":[{\"@type\":\"ReadAction\",\"target\":[\"https:\/\/hublift.nl\/de\/project\/warenlift-mit-personenfuehrung-fuer-einen-secondhand-laden\/\"]}]},{\"@type\":\"ImageObject\",\"inLanguage\":\"de\",\"@id\":\"https:\/\/hublift.nl\/de\/project\/warenlift-mit-personenfuehrung-fuer-einen-secondhand-laden\/#primaryimage\",\"url\":\"https:\/\/hublift.nl\/wp-content\/uploads\/2022\/11\/MikeHuberts-20221104-MIKE3721.jpg\",\"contentUrl\":\"https:\/\/hublift.nl\/wp-content\/uploads\/2022\/11\/MikeHuberts-20221104-MIKE3721.jpg\",\"width\":1344,\"height\":896,\"caption\":\"Goederenlift met persoonsbegeleiding - In een winkel\"},{\"@type\":\"BreadcrumbList\",\"@id\":\"https:\/\/hublift.nl\/de\/project\/warenlift-mit-personenfuehrung-fuer-einen-secondhand-laden\/#breadcrumb\",\"itemListElement\":[{\"@type\":\"ListItem\",\"position\":1,\"name\":\"Home\",\"item\":\"https:\/\/hublift.nl\/de\/\"},{\"@type\":\"ListItem\",\"position\":2,\"name\":\"Projekte\",\"item\":\"https:\/\/hublift.nl\/de\/project\/\"},{\"@type\":\"ListItem\",\"position\":3,\"name\":\"Warenlift mit Personenf\u00fchrung f\u00fcr einen Secondhand-Laden\"}]},{\"@type\":\"WebSite\",\"@id\":\"https:\/\/hublift.nl\/de\/#website\",\"url\":\"https:\/\/hublift.nl\/de\/\",\"name\":\"Hublift\",\"description\":\"De specialist in goederen- auto- en personenliften.\",\"publisher\":{\"@id\":\"https:\/\/hublift.nl\/de\/#organization\"},\"potentialAction\":[{\"@type\":\"SearchAction\",\"target\":{\"@type\":\"EntryPoint\",\"urlTemplate\":\"https:\/\/hublift.nl\/de\/?s={search_term_string}\"},\"query-input\":{\"@type\":\"PropertyValueSpecification\",\"valueRequired\":true,\"valueName\":\"search_term_string\"}}],\"inLanguage\":\"de\"},{\"@type\":\"Organization\",\"@id\":\"https:\/\/hublift.nl\/de\/#organization\",\"name\":\"Hublift BV\",\"url\":\"https:\/\/hublift.nl\/de\/\",\"logo\":{\"@type\":\"ImageObject\",\"inLanguage\":\"de\",\"@id\":\"https:\/\/hublift.nl\/de\/#\/schema\/logo\/image\/\",\"url\":\"https:\/\/hublift.nl\/wp-content\/uploads\/2019\/11\/logo.png\",\"contentUrl\":\"https:\/\/hublift.nl\/wp-content\/uploads\/2019\/11\/logo.png\",\"width\":440,\"height\":170,\"caption\":\"Hublift BV\"},\"image\":{\"@id\":\"https:\/\/hublift.nl\/de\/#\/schema\/logo\/image\/\"},\"sameAs\":[\"https:\/\/www.linkedin.com\/company\/hublift\/\"]}]}<\/script>\n<!-- \/ Yoast SEO Premium plugin. -->","yoast_head_json":{"title":"Clevere L\u00f6sung: Warenlift f\u00fcr Wohlt\u00e4tigkeitsladen","robots":{"index":"index","follow":"follow","max-snippet":"max-snippet:-1","max-image-preview":"max-image-preview:large","max-video-preview":"max-video-preview:-1"},"canonical":"https:\/\/hublift.nl\/de\/project\/warenlift-mit-personenfuehrung-fuer-einen-secondhand-laden\/","og_locale":"de_DE","og_type":"article","og_title":"Warenlift mit Personenf\u00fchrung f\u00fcr einen Secondhand-Laden","og_description":"Warenlift mit Personenf\u00fchrung f\u00fcr einen Secondhand-LadenErgebnisDer Aufzug wurde so gebaut, dass er genau in die bereits vom Statiker angefertigte Bodenaussparung passte. Zu diesem Zweck lieferte Hublift einen selbsttragenden Schacht, der speziell f\u00fcr das bestehende Geb\u00e4ude angefertigt wurde. In den Schacht wurde ein Aufzug eingebaut, mit dem die Nutzer des Geb\u00e4udes, haupts\u00e4chlich ein Secondhand-Laden, ihre Waren [&hellip;]","og_url":"https:\/\/hublift.nl\/de\/project\/warenlift-mit-personenfuehrung-fuer-einen-secondhand-laden\/","og_site_name":"Hublift","article_modified_time":"2025-02-12T10:38:11+00:00","og_image":[{"width":1344,"height":896,"url":"https:\/\/hublift.nl\/wp-content\/uploads\/2022\/11\/MikeHuberts-20221104-MIKE3721.jpg","type":"image\/jpeg"}],"twitter_card":"summary_large_image","twitter_misc":{"Gesch\u00e4tzte Lesezeit":"13\u00a0Minuten"},"schema":{"@context":"https:\/\/schema.org","@graph":[{"@type":"WebPage","@id":"https:\/\/hublift.nl\/de\/project\/warenlift-mit-personenfuehrung-fuer-einen-secondhand-laden\/","url":"https:\/\/hublift.nl\/de\/project\/warenlift-mit-personenfuehrung-fuer-einen-secondhand-laden\/","name":"Clevere L\u00f6sung: Warenlift f\u00fcr Wohlt\u00e4tigkeitsladen","isPartOf":{"@id":"https:\/\/hublift.nl\/de\/#website"},"primaryImageOfPage":{"@id":"https:\/\/hublift.nl\/de\/project\/warenlift-mit-personenfuehrung-fuer-einen-secondhand-laden\/#primaryimage"},"image":{"@id":"https:\/\/hublift.nl\/de\/project\/warenlift-mit-personenfuehrung-fuer-einen-secondhand-laden\/#primaryimage"},"thumbnailUrl":"https:\/\/hublift.nl\/wp-content\/uploads\/2022\/11\/MikeHuberts-20221104-MIKE3721.jpg","datePublished":"2025-02-11T10:02:58+00:00","dateModified":"2025-02-12T10:38:11+00:00","breadcrumb":{"@id":"https:\/\/hublift.nl\/de\/project\/warenlift-mit-personenfuehrung-fuer-einen-secondhand-laden\/#breadcrumb"},"inLanguage":"de","potentialAction":[{"@type":"ReadAction","target":["https:\/\/hublift.nl\/de\/project\/warenlift-mit-personenfuehrung-fuer-einen-secondhand-laden\/"]}]},{"@type":"ImageObject","inLanguage":"de","@id":"https:\/\/hublift.nl\/de\/project\/warenlift-mit-personenfuehrung-fuer-einen-secondhand-laden\/#primaryimage","url":"https:\/\/hublift.nl\/wp-content\/uploads\/2022\/11\/MikeHuberts-20221104-MIKE3721.jpg","contentUrl":"https:\/\/hublift.nl\/wp-content\/uploads\/2022\/11\/MikeHuberts-20221104-MIKE3721.jpg","width":1344,"height":896,"caption":"Goederenlift met persoonsbegeleiding - In een winkel"},{"@type":"BreadcrumbList","@id":"https:\/\/hublift.nl\/de\/project\/warenlift-mit-personenfuehrung-fuer-einen-secondhand-laden\/#breadcrumb","itemListElement":[{"@type":"ListItem","position":1,"name":"Home","item":"https:\/\/hublift.nl\/de\/"},{"@type":"ListItem","position":2,"name":"Projekte","item":"https:\/\/hublift.nl\/de\/project\/"},{"@type":"ListItem","position":3,"name":"Warenlift mit Personenf\u00fchrung f\u00fcr einen Secondhand-Laden"}]},{"@type":"WebSite","@id":"https:\/\/hublift.nl\/de\/#website","url":"https:\/\/hublift.nl\/de\/","name":"Hublift","description":"De specialist in goederen- auto- en personenliften.","publisher":{"@id":"https:\/\/hublift.nl\/de\/#organization"},"potentialAction":[{"@type":"SearchAction","target":{"@type":"EntryPoint","urlTemplate":"https:\/\/hublift.nl\/de\/?s={search_term_string}"},"query-input":{"@type":"PropertyValueSpecification","valueRequired":true,"valueName":"search_term_string"}}],"inLanguage":"de"},{"@type":"Organization","@id":"https:\/\/hublift.nl\/de\/#organization","name":"Hublift BV","url":"https:\/\/hublift.nl\/de\/","logo":{"@type":"ImageObject","inLanguage":"de","@id":"https:\/\/hublift.nl\/de\/#\/schema\/logo\/image\/","url":"https:\/\/hublift.nl\/wp-content\/uploads\/2019\/11\/logo.png","contentUrl":"https:\/\/hublift.nl\/wp-content\/uploads\/2019\/11\/logo.png","width":440,"height":170,"caption":"Hublift BV"},"image":{"@id":"https:\/\/hublift.nl\/de\/#\/schema\/logo\/image\/"},"sameAs":["https:\/\/www.linkedin.com\/company\/hublift\/"]}]}},"_links":{"self":[{"href":"https:\/\/hublift.nl\/de\/wp-json\/wp\/v2\/project\/7922","targetHints":{"allow":["GET"]}}],"collection":[{"href":"https:\/\/hublift.nl\/de\/wp-json\/wp\/v2\/project"}],"about":[{"href":"https:\/\/hublift.nl\/de\/wp-json\/wp\/v2\/types\/project"}],"author":[{"embeddable":true,"href":"https:\/\/hublift.nl\/de\/wp-json\/wp\/v2\/users\/4"}],"replies":[{"embeddable":true,"href":"https:\/\/hublift.nl\/de\/wp-json\/wp\/v2\/comments?post=7922"}],"version-history":[{"count":1,"href":"https:\/\/hublift.nl\/de\/wp-json\/wp\/v2\/project\/7922\/revisions"}],"predecessor-version":[{"id":7925,"href":"https:\/\/hublift.nl\/de\/wp-json\/wp\/v2\/project\/7922\/revisions\/7925"}],"wp:featuredmedia":[{"embeddable":true,"href":"https:\/\/hublift.nl\/de\/wp-json\/wp\/v2\/media\/5834"}],"wp:attachment":[{"href":"https:\/\/hublift.nl\/de\/wp-json\/wp\/v2\/media?parent=7922"}],"wp:term":[{"taxonomy":"project_category","embeddable":true,"href":"https:\/\/hublift.nl\/de\/wp-json\/wp\/v2\/project_category?post=7922"},{"taxonomy":"project_tag","embeddable":true,"href":"https:\/\/hublift.nl\/de\/wp-json\/wp\/v2\/project_tag?post=7922"}],"curies":[{"name":"wp","href":"https:\/\/api.w.org\/{rel}","templated":true}]}}