{"id":7902,"date":"2025-02-12T10:02:53","date_gmt":"2025-02-12T10:02:53","guid":{"rendered":"https:\/\/hublift.nl\/project\/autoaufzug-mit-beweglichem-dach-fuer-ein-privathaus\/"},"modified":"2025-02-12T10:03:01","modified_gmt":"2025-02-12T10:03:01","slug":"autoaufzug-mit-beweglichem-dach-fuer-ein-privathaus","status":"publish","type":"project","link":"https:\/\/hublift.nl\/de\/project\/autoaufzug-mit-beweglichem-dach-fuer-ein-privathaus\/","title":{"rendered":"Autoaufzug mit beweglichem Dach f\u00fcr ein Privathaus"},"content":{"rendered":"<p>[et_pb_section fb_built=&#8220;1&#8243; custom_padding_last_edited=&#8220;on|tablet&#8220; next_background_color=&#8220;#E4F2FF&#8220; admin_label=&#8220;Hero Section&#8220; _builder_version=&#8220;4.17.6&#8243; use_background_color_gradient=&#8220;on&#8220; background_color_gradient_type=&#8220;circular&#8220; background_color_gradient_direction_radial=&#8220;bottom left&#8220; background_color_gradient_stops=&#8220;#206ab2 20%|rgba(9,49,88,0.2) 100%&#8220; background_color_gradient_overlays_image=&#8220;on&#8220; background_color_gradient_start=&#8220;#206ab2&#8243; background_color_gradient_start_position=&#8220;20%&#8220; background_color_gradient_end=&#8220;rgba(9,49,88,0.2)&#8220; background_image=&#8220;https:\/\/hublift.nl\/wp-content\/uploads\/2022\/07\/Autolift-met-auto-naar-beneden.jpg&#8220; custom_padding=&#8220;100px|0px|150px|0px||&#8220; custom_padding_tablet=&#8220;|||&#8220; custom_padding_phone=&#8220;|||&#8220; bottom_divider_style=&#8220;asymmetric2&#8243; bottom_divider_flip=&#8220;horizontal&#8220; collapsed=&#8220;on&#8220; global_colors_info=&#8220;{}&#8220;][et_pb_row _builder_version=&#8220;4.17.6&#8243; width=&#8220;100%&#8220; max_width=&#8220;1820px&#8220; custom_padding=&#8220;|||&#8220; animation_style=&#8220;slide&#8220; animation_direction=&#8220;bottom&#8220; animation_intensity_slide=&#8220;10%&#8220; global_colors_info=&#8220;{}&#8220;][et_pb_column type=&#8220;4_4&#8243; _builder_version=&#8220;4.16&#8243; custom_padding=&#8220;|||&#8220; global_colors_info=&#8220;{}&#8220; custom_padding__hover=&#8220;|||&#8220;][et_pb_text admin_label=&#8220;Title and subhead&#8220; _builder_version=&#8220;4.17.6&#8243; text_font=&#8220;Ubuntu||||||||&#8220; text_text_color=&#8220;rgba(255,255,255,0.7)&#8220; header_font=&#8220;Montserrat|700|||||||&#8220; header_text_color=&#8220;#ffffff&#8220; header_font_size=&#8220;50px&#8220; header_2_font=&#8220;||||||||&#8220; text_orientation=&#8220;center&#8220; max_width=&#8220;1080px&#8220; module_alignment=&#8220;center&#8220; custom_margin=&#8220;|576px||||&#8220; header_font_size_phone=&#8220;40px&#8220; locked=&#8220;off&#8220; global_colors_info=&#8220;{}&#8220;]<\/p>\n<h1>Autoaufzug mit beweglichem Dach f\u00fcr ein Privathaus<\/h1>\n<p>[\/et_pb_text][\/et_pb_column][\/et_pb_row][\/et_pb_section][et_pb_section fb_built=&#8220;1&#8243; next_background_color=&#8220;#ffffff&#8220; admin_label=&#8220;Video&#8220; _builder_version=&#8220;4.16&#8243; background_color=&#8220;#E4F2FF&#8220; custom_padding=&#8220;||100px||false|false&#8220; top_divider_flip=&#8220;vertical|horizontal&#8220; bottom_divider_style=&#8220;asymmetric2&#8243; bottom_divider_flip=&#8220;horizontal&#8220; collapsed=&#8220;on&#8220; global_colors_info=&#8220;{}&#8220;][et_pb_row _builder_version=&#8220;4.16&#8243; global_colors_info=&#8220;{}&#8220;][et_pb_column type=&#8220;4_4&#8243; _builder_version=&#8220;4.16&#8243; global_colors_info=&#8220;{}&#8220;][et_pb_text _builder_version=&#8220;4.16&#8243; text_font_size=&#8220;22px&#8220; header_2_font=&#8220;|700|||||||&#8220; header_2_font_size=&#8220;30px&#8220; global_colors_info=&#8220;{}&#8220;]<\/p>\n<h2>Ergebnis<\/h2>\n<p>[\/et_pb_text][et_pb_text _builder_version=&#8220;4.16&#8243; global_colors_info=&#8220;{}&#8220;]<\/p>\n<p><span>Ein kompletter, in die Einfahrt integrierter Autolift, der t\u00e4glich von der ganzen Familie genutzt wird. Mit vier Hubs\u00e4ulen und einem beweglichen Dach sorgt dieser Lift daf\u00fcr, dass Autos sicher und bequem vom Erdgeschoss in die Tiefgarage transportiert werden k\u00f6nnen. In Kombination mit der Handsteuerung m\u00fcssen die Fahrer das Auto nicht verlassen, wenn sie den Lift benutzen.    <\/span><\/p>\n<p><span>Dar\u00fcber hinaus ist der Lift <\/span>mit einer Reihe von Sicherheitsfunktionen ausgestattet, die die Sicherheit des Fahrers und der Umstehenden gew\u00e4hrleisten. Inzwischen wird der Lift t\u00e4glich von allen Familienmitgliedern genutzt, die ihre Autos sicher in das Parkhaus mit mehreren Fahrzeugen bringen k\u00f6nnen. <\/p>\n<p><strong>Lesen Sie unten mehr \u00fcber den gesamten Prozess oder sehen Sie sich unten auf der Seite weitere Fotos an.<\/strong><\/p>\n<p>[\/et_pb_text][et_pb_image src=&#8220;https:\/\/hublift.nl\/wp-content\/uploads\/2022\/07\/Autolift-in-oprit.jpg&#8220; alt=&#8220;Autoaufzug in der Einfahrt&#8220; title_text=&#8220;Auto-Auffahrrampe&#8220; _builder_version=&#8220;4.17.6&#8243; _module_preset=&#8220;default&#8220; border_radii=&#8220;on|5px|5px|5px|5px&#8220; global_colors_info=&#8220;{}&#8220;][\/et_pb_image][et_pb_video src=&#8220;https:\/\/www.youtube.com\/watch?v=bi2kylTeYlA&#8220; play_icon_color=&#8220;#206AB2&#8243; _builder_version=&#8220;4.17.6&#8243; _module_preset=&#8220;default&#8220; module_alignment=&#8220;center&#8220; locked=&#8220;off&#8220; global_colors_info=&#8220;{}&#8220;][\/et_pb_video][et_pb_text _builder_version=&#8220;4.16&#8243; custom_padding=&#8220;||0px|||&#8220; global_colors_info=&#8220;{}&#8220;]<\/p>\n<p style=\"text-align: center;\">M\u00f6chten Sie mehr \u00fcber dieses Projekt oder unsere Autolifte erfahren?<\/p>\n<p>[\/et_pb_text][et_pb_button button_url=&#8220;https:\/\/hublift.nl\/de\/kontakt\/&#8220; button_text=&#8220;Kontaktiere uns!&#8220; button_alignment=&#8220;center&#8220; admin_label=&#8220;Button&#8220; _builder_version=&#8220;4.16&#8243; custom_button=&#8220;on&#8220; button_text_size=&#8220;16px&#8220; button_text_color=&#8220;#ffffff&#8220; button_bg_color=&#8220;#216ab1&#8243; button_border_width=&#8220;0px&#8220; button_border_radius=&#8220;5px&#8220; button_letter_spacing=&#8220;2px&#8220; button_font=&#8220;Ubuntu|||on|||||&#8220; button_use_icon=&#8220;off&#8220; background_layout=&#8220;dark&#8220; custom_margin=&#8220;-10px|||||&#8220; custom_padding=&#8220;14px|28px|14px|28px&#8220; button_text_color_hover=&#8220;#ffffff&#8220; button_letter_spacing_hover=&#8220;2px&#8220; button_bg_color_hover=&#8220;#1fb6e9&#8243; locked=&#8220;off&#8220; global_colors_info=&#8220;{}&#8220; button_text_size__hover_enabled=&#8220;off&#8220; button_one_text_size__hover_enabled=&#8220;off&#8220; button_two_text_size__hover_enabled=&#8220;off&#8220; button_text_color__hover_enabled=&#8220;on&#8220; button_text_color__hover=&#8220;#ffffff&#8220; button_one_text_color__hover_enabled=&#8220;off&#8220; button_two_text_color__hover_enabled=&#8220;off&#8220; button_border_width__hover_enabled=&#8220;off&#8220; button_one_border_width__hover_enabled=&#8220;off&#8220; button_two_border_width__hover_enabled=&#8220;off&#8220; button_border_color__hover_enabled=&#8220;off&#8220; button_one_border_color__hover_enabled=&#8220;off&#8220; button_two_border_color__hover_enabled=&#8220;off&#8220; button_border_radius__hover_enabled=&#8220;off&#8220; button_one_border_radius__hover_enabled=&#8220;off&#8220; button_two_border_radius__hover_enabled=&#8220;off&#8220; button_letter_spacing__hover_enabled=&#8220;on&#8220; button_letter_spacing__hover=&#8220;2px&#8220; button_one_letter_spacing__hover_enabled=&#8220;off&#8220; button_two_letter_spacing__hover_enabled=&#8220;off&#8220; button_bg_color__hover_enabled=&#8220;on&#8220; button_bg_color__hover=&#8220;#1fb6e9&#8243; button_one_bg_color__hover_enabled=&#8220;off&#8220; button_two_bg_color__hover_enabled=&#8220;off&#8220;][\/et_pb_button][\/et_pb_column][\/et_pb_row][\/et_pb_section][et_pb_section fb_built=&#8220;1&#8243; _builder_version=&#8220;4.16&#8243; collapsed=&#8220;on&#8220; global_colors_info=&#8220;{}&#8220;][et_pb_row _builder_version=&#8220;4.16&#8243; global_colors_info=&#8220;{}&#8220;][et_pb_column type=&#8220;4_4&#8243; _builder_version=&#8220;4.16&#8243; global_colors_info=&#8220;{}&#8220;][et_pb_text _builder_version=&#8220;4.16&#8243; text_font_size=&#8220;22px&#8220; header_2_font=&#8220;|700|||||||&#8220; header_2_font_size=&#8220;30px&#8220; custom_margin=&#8220;||13px|||&#8220; global_colors_info=&#8220;{}&#8220;]<\/p>\n<h2>Anfrage<\/h2>\n<p>[\/et_pb_text][et_pb_text _builder_version=&#8220;4.16&#8243; global_colors_info=&#8220;{}&#8220;]<\/p>\n<p>Aufgrund des Platzmangels auf dem Parkplatz wurde Hublift gebeten, eine Hebeb\u00fchne zu entwerfen, die vollst\u00e4ndig in die Einfahrt integriert werden kann. Dabei ist es wichtig, dass sich die gesamte Struktur in den Entwurf des Architekten einf\u00fcgt und gleichzeitig die Sicherheit der Fahrer und Umstehenden gew\u00e4hrleistet. <\/p>\n<p>Benutzerfreundlichkeit und Stabilit\u00e4t der Plattform waren entscheidende Anforderungen. Auch die Zuverl\u00e4ssigkeit war sehr wichtig, da vier Familienmitglieder den Autolift t\u00e4glich benutzen. <\/p>\n<p>[\/et_pb_text][\/et_pb_column][\/et_pb_row][et_pb_row _builder_version=&#8220;4.16&#8243; global_colors_info=&#8220;{}&#8220;][et_pb_column type=&#8220;4_4&#8243; _builder_version=&#8220;4.16&#8243; global_colors_info=&#8220;{}&#8220;][et_pb_text _builder_version=&#8220;4.16&#8243; text_font_size=&#8220;22px&#8220; header_2_font=&#8220;|700|||||||&#8220; header_2_font_size=&#8220;30px&#8220; min_height=&#8220;19px&#8220; custom_margin=&#8220;||12px|||&#8220; global_colors_info=&#8220;{}&#8220;]<\/p>\n<h2>Design<\/h2>\n<p>[\/et_pb_text][et_pb_text _builder_version=&#8220;4.16&#8243; global_colors_info=&#8220;{}&#8220;]<\/p>\n<p>Hublift baut zweckdienliche Lastenaufz\u00fcge, die Designphase ist entscheidend, um ein gutes Verst\u00e4ndnis f\u00fcr die W\u00fcnsche des Kunden zu schaffen. Sobald wir die Bed\u00fcrfnisse gut verstanden haben, beraten wir unsere Kunden, wie sie den Aufzug am besten nutzen und wie der Kunde so effizient wie m\u00f6glich mit dem Aufzug arbeiten kann. All diese \u00dcberlegungen werden bei der Entwicklung unserer Lifte ber\u00fccksichtigt.  <\/p>\n<p>Der Kunde war auf der Suche nach einem einzigartigen Design, das sich von einer Scherenb\u00fchne und anderen bereits auf dem Markt erh\u00e4ltlichen Produkten unterscheidet. Vor allem Stabilit\u00e4t und Sicherheit standen ganz oben auf der Priorit\u00e4tenliste des Kunden. Gemeinsam mit den Designern wurde ein Produkt entwickelt, das auf einem umfassenden Anforderungskatalog basierte und genau auf den Entwurf des Architekten und die Bed\u00fcrfnisse des Kunden abgestimmt war.  <\/p>\n<p>Mit einer Handkonsole und einer Fernbedienung, die mit dem Lift geliefert wird, kann der Lift bedient werden. Der Fahrer braucht also nicht aus dem Auto auszusteigen. Die Hebeb\u00fchne kann also bei allen Wetterbedingungen bequem benutzt werden.    <\/p>\n<p>[\/et_pb_text][et_pb_image src=&#8220;https:\/\/hublift.nl\/wp-content\/uploads\/2022\/07\/Technische-tekening-Autolift-met-beweegbaar-dak-1-scaled.jpg&#8220; alt=&#8220;Technische Zeichnung einer Hebeb\u00fchne mit beweglichem Dach&#8220; title_text=&#8220;Technische-Zeichnung-Autoaufzug-mit-beweglichem-Dach&#8220; _builder_version=&#8220;4.17.6&#8243; width=&#8220;100%&#8220; max_width=&#8220;100%&#8220; module_alignment=&#8220;center&#8220; custom_margin=&#8220;||||false|false&#8220; global_colors_info=&#8220;{}&#8220;][\/et_pb_image][\/et_pb_column][\/et_pb_row][et_pb_row _builder_version=&#8220;4.16&#8243; global_colors_info=&#8220;{}&#8220;][et_pb_column type=&#8220;4_4&#8243; _builder_version=&#8220;4.16&#8243; global_colors_info=&#8220;{}&#8220;][et_pb_text _builder_version=&#8220;4.16&#8243; text_font_size=&#8220;22px&#8220; header_2_font=&#8220;|700|||||||&#8220; header_2_font_size=&#8220;30px&#8220; custom_margin=&#8220;||15px|||&#8220; global_colors_info=&#8220;{}&#8220;]<\/p>\n<h2>Installation<\/h2>\n<p>[\/et_pb_text][et_pb_text _builder_version=&#8220;4.17.6&#8243; global_colors_info=&#8220;{}&#8220;]<\/p>\n<p><span>Der Einbau einer Hebeb\u00fchne ist keine leichte Aufgabe. Es handelt sich um ein Produkt mit einer gro\u00dfen Anzahl von Komponenten und elektronischen Sicherungen. Au\u00dferdem arbeiten die Mechaniker im Freien und in einer Grube, die mehr als 4 Meter tief ist. Bei dieser Art von Projekt wird kein Sicherheitsrisiko eingegangen.   <\/span><\/p>\n<p>In Absprache mit dem Kunden wurden die Installationsarbeiten so geplant, dass sie so wenig wie m\u00f6glich gest\u00f6rt wurden. W\u00e4hrend der Installation des Aufzugs fanden auch andere Bauarbeiten am Haus statt. Alle Absturzrisiken wurden daher identifiziert, um Unf\u00e4lle zu vermeiden.  <\/p>\n<p>Der Transport der Teile erfolgt in Phasen, um Sch\u00e4den an den Komponenten zu vermeiden. Dabei werden die Reihenfolge des Einbaus und die Vorlaufzeit der verschiedenen Arbeiten ber\u00fccksichtigt.   <span>Nach der Fertigstellung der Hebeb\u00fchne wurde sie ausgiebig getestet. Wenn alles optimal funktioniert, wird das System den Bewohnern, die den Aufzug benutzen werden, erkl\u00e4rt, woraufhin der Aufzug in Betrieb genommen werden kann. <\/span><\/p>\n<p>[\/et_pb_text][\/et_pb_column][\/et_pb_row][et_pb_row _builder_version=&#8220;4.16&#8243; global_colors_info=&#8220;{}&#8220;][et_pb_column type=&#8220;4_4&#8243; _builder_version=&#8220;4.16&#8243; global_colors_info=&#8220;{}&#8220;][et_pb_image src=&#8220;https:\/\/hublift.nl\/wp-content\/uploads\/2022\/07\/Autolift-met-auto-naar-beneden.jpg&#8220; alt=&#8220;Hebeb\u00fchne mit heruntergelassenem Auto&#8220; title_text=&#8220;Autoaufzug mit Autoablage&#8220; show_in_lightbox=&#8220;on&#8220; align=&#8220;center&#8220; force_fullwidth=&#8220;on&#8220; _builder_version=&#8220;4.17.6&#8243; global_colors_info=&#8220;{}&#8220;][\/et_pb_image][\/et_pb_column][\/et_pb_row][et_pb_row column_structure=&#8220;1_2,1_2&#8243; _builder_version=&#8220;4.16&#8243; global_colors_info=&#8220;{}&#8220;][et_pb_column type=&#8220;1_2&#8243; _builder_version=&#8220;4.16&#8243; global_colors_info=&#8220;{}&#8220;][et_pb_image src=&#8220;https:\/\/hublift.nl\/wp-content\/uploads\/2022\/07\/Autolift-Auto-aan-boord.jpg&#8220; alt=&#8220;Autoaufzug mit Auto an Bord&#8220; title_text=&#8220;Autolift-Automatik an Bord&#8220; show_in_lightbox=&#8220;on&#8220; _builder_version=&#8220;4.17.6&#8243; global_colors_info=&#8220;{}&#8220;][\/et_pb_image][\/et_pb_column][et_pb_column type=&#8220;1_2&#8243; _builder_version=&#8220;4.16&#8243; global_colors_info=&#8220;{}&#8220;][et_pb_image src=&#8220;https:\/\/hublift.nl\/wp-content\/uploads\/2022\/07\/Autolift-Bovenkant.jpg&#8220; alt=&#8220;Autoaufzug von oben ge\u00f6ffnet&#8220; title_text=&#8220;Auto-Lift-Top&#8220; show_in_lightbox=&#8220;on&#8220; _builder_version=&#8220;4.17.6&#8243; global_colors_info=&#8220;{}&#8220;][\/et_pb_image][\/et_pb_column][\/et_pb_row][et_pb_row column_structure=&#8220;1_3,1_3,1_3&#8243; _builder_version=&#8220;4.16&#8243; global_colors_info=&#8220;{}&#8220;][et_pb_column type=&#8220;1_3&#8243; _builder_version=&#8220;4.16&#8243; global_colors_info=&#8220;{}&#8220;][et_pb_image src=&#8220;https:\/\/hublift.nl\/wp-content\/uploads\/2022\/07\/Autolift-veiligheidsrand-half-open.jpg&#8220; alt=&#8220;Sicherheitsleiste f\u00fcr Autoaufz\u00fcge&#8220; title_text=&#8220;Hebeb\u00fchnen-Sicherheitskante-halboffen&#8220; show_in_lightbox=&#8220;on&#8220; _builder_version=&#8220;4.17.6&#8243; global_colors_info=&#8220;{}&#8220;][\/et_pb_image][\/et_pb_column][et_pb_column type=&#8220;1_3&#8243; _builder_version=&#8220;4.16&#8243; global_colors_info=&#8220;{}&#8220;][et_pb_image src=&#8220;https:\/\/hublift.nl\/wp-content\/uploads\/2022\/07\/Autolift-met-personen-aan-boord-besturing.jpg&#8220; alt=&#8220;Steuerung des Fahrstuhls mit Benachrichtigung&#8220; title_text=&#8220;Autoaufzug-mit-Personen-an-Bord-Steuerung&#8220; show_in_lightbox=&#8220;on&#8220; _builder_version=&#8220;4.17.6&#8243; global_colors_info=&#8220;{}&#8220;][\/et_pb_image][\/et_pb_column][et_pb_column type=&#8220;1_3&#8243; _builder_version=&#8220;4.16&#8243; global_colors_info=&#8220;{}&#8220;][et_pb_image src=&#8220;https:\/\/hublift.nl\/wp-content\/uploads\/2022\/07\/Autolift-Hydraulische-cilinders.jpg&#8220; alt=&#8220;Hebeb\u00fchne mit Hydraulikzylindern&#8220; title_text=&#8220;Autolift-Hydraulik-Zylinder&#8220; show_in_lightbox=&#8220;on&#8220; _builder_version=&#8220;4.17.6&#8243; global_colors_info=&#8220;{}&#8220;][\/et_pb_image][\/et_pb_column][\/et_pb_row][et_pb_row column_structure=&#8220;1_2,1_2&#8243; _builder_version=&#8220;4.17.6&#8243; global_colors_info=&#8220;{}&#8220;][et_pb_column type=&#8220;1_2&#8243; _builder_version=&#8220;4.16&#8243; global_colors_info=&#8220;{}&#8220;][et_pb_image src=&#8220;https:\/\/hublift.nl\/wp-content\/uploads\/2022\/07\/Autolift-met-beweegbaar-dak-open.jpg&#8220; alt=&#8220;Autoaufzug mit beweglichem Dach offen&#8220; title_text=&#8220;Hebeb\u00fchne-mit-beweglichem-Dach-ge\u00f6ffnet&#8220; show_in_lightbox=&#8220;on&#8220; _builder_version=&#8220;4.17.6&#8243; global_colors_info=&#8220;{}&#8220;][\/et_pb_image][\/et_pb_column][et_pb_column type=&#8220;1_2&#8243; _builder_version=&#8220;4.16&#8243; global_colors_info=&#8220;{}&#8220;][et_pb_image src=&#8220;https:\/\/hublift.nl\/wp-content\/uploads\/2022\/07\/Autolift-met-personen-aan-boord-handheld.jpg&#8220; alt=&#8220;Autoaufzug mit Personen an Bord Handheld&#8220; title_text=&#8220;Auto-Heben-mit-Person-an-Bord-Handheld&#8220; show_in_lightbox=&#8220;on&#8220; _builder_version=&#8220;4.17.6&#8243; global_colors_info=&#8220;{}&#8220;][\/et_pb_image][\/et_pb_column][\/et_pb_row][et_pb_row column_structure=&#8220;1_3,1_3,1_3&#8243; _builder_version=&#8220;4.17.6&#8243; global_colors_info=&#8220;{}&#8220;][et_pb_column type=&#8220;1_3&#8243; _builder_version=&#8220;4.16&#8243; global_colors_info=&#8220;{}&#8220;][et_pb_image src=&#8220;https:\/\/hublift.nl\/wp-content\/uploads\/2022\/07\/Autolift-Besturing.jpg&#8220; alt=&#8220;Steuerung des Autolifts&#8220; title_text=&#8220;Autolift Kontrolle&#8220; show_in_lightbox=&#8220;on&#8220; _builder_version=&#8220;4.17.6&#8243; global_colors_info=&#8220;{}&#8220;][\/et_pb_image][\/et_pb_column][et_pb_column type=&#8220;1_3&#8243; _builder_version=&#8220;4.16&#8243; global_colors_info=&#8220;{}&#8220;][et_pb_image src=&#8220;https:\/\/hublift.nl\/wp-content\/uploads\/2022\/07\/Autolift-compleet-geopend.jpg&#8220; alt=&#8220;Autolift komplett ge\u00f6ffnet mit Dach&#8220; title_text=&#8220;Autoaufzug-komplett-ge\u00f6ffnet&#8220; show_in_lightbox=&#8220;on&#8220; _builder_version=&#8220;4.17.6&#8243; global_colors_info=&#8220;{}&#8220;][\/et_pb_image][\/et_pb_column][et_pb_column type=&#8220;1_3&#8243; _builder_version=&#8220;4.17.6&#8243; _module_preset=&#8220;default&#8220; global_colors_info=&#8220;{}&#8220;][et_pb_image src=&#8220;https:\/\/hublift.nl\/wp-content\/uploads\/2022\/07\/Autolift-veiligheidsrand.jpg&#8220; alt=&#8220;Hebeb\u00fchne mit Sicherheitsleiste zum Anfassen&#8220; title_text=&#8220;Sicherheitsleiste f\u00fcr Autoaufz\u00fcge&#8220; show_in_lightbox=&#8220;on&#8220; _builder_version=&#8220;4.17.6&#8243; global_colors_info=&#8220;{}&#8220;][\/et_pb_image][\/et_pb_column][\/et_pb_row][et_pb_row _builder_version=&#8220;4.17.6&#8243; global_colors_info=&#8220;{}&#8220;][et_pb_column type=&#8220;4_4&#8243; _builder_version=&#8220;4.16&#8243; global_colors_info=&#8220;{}&#8220;][et_pb_image src=&#8220;https:\/\/hublift.nl\/wp-content\/uploads\/2022\/07\/Autolift-open-van-zijkant.jpg&#8220; alt=&#8220;Autoaufzug von der Seite zu \u00f6ffnen&#8220; title_text=&#8220;Autolift-\u00f6ffnen-von-Seite&#8220; show_in_lightbox=&#8220;on&#8220; _builder_version=&#8220;4.17.6&#8243; global_colors_info=&#8220;{}&#8220;][\/et_pb_image][\/et_pb_column][\/et_pb_row][\/et_pb_section][et_pb_section fb_built=&#8220;1&#8243; admin_label=&#8220;Contact Section&#8220; _builder_version=&#8220;4.14.2&#8243; background_color=&#8220;#E4F2FF&#8220; background_image=&#8220;https:\/\/hublift.nl\/wp-content\/uploads\/2019\/11\/section-background.jpg&#8220; parallax=&#8220;on&#8220; custom_padding=&#8220;100px|0px|0px|0px|false|false&#8220; top_divider_style=&#8220;asymmetric2&#8243; top_divider_color=&#8220;#FFFFFF&#8220; top_divider_flip=&#8220;vertical&#8220; box_shadow_style=&#8220;preset7&#8243; box_shadow_horizontal=&#8220;0px&#8220; box_shadow_vertical=&#8220;80px&#8220; box_shadow_color=&#8220;#2a3443&#8243; global_module=&#8220;4216&#8243; saved_tabs=&#8220;all&#8220; locked=&#8220;off&#8220; collapsed=&#8220;on&#8220; global_colors_info=&#8220;{}&#8220;][et_pb_row column_structure=&#8220;1_2,1_2&#8243; use_custom_gutter=&#8220;on&#8220; gutter_width=&#8220;1&#8243; make_equal=&#8220;on&#8220; admin_label=&#8220;Contact Row&#8220; module_class=&#8220; et_pb_row_fullwidth&#8220; _builder_version=&#8220;4.16&#8243; background_enable_color=&#8220;off&#8220; width=&#8220;100%&#8220; width_tablet=&#8220;100%&#8220; width_phone=&#8220;&#8220; width_last_edited=&#8220;on|desktop&#8220; max_width=&#8220;100%&#8220; max_width_tablet=&#8220;100%&#8220; max_width_phone=&#8220;&#8220; max_width_last_edited=&#8220;on|desktop&#8220; custom_padding=&#8220;0px||0px|&#8220; make_fullwidth=&#8220;on&#8220; collapsed=&#8220;off&#8220; global_colors_info=&#8220;{}&#8220;][et_pb_column type=&#8220;1_2&#8243; _builder_version=&#8220;4.16&#8243; custom_padding=&#8220;140px|10%|60px|10%&#8220; global_colors_info=&#8220;{}&#8220; custom_padding__hover=&#8220;|||&#8220;][et_pb_text admin_label=&#8220;Title&#8220; _builder_version=&#8220;4.20.2&#8243; text_font=&#8220;||||||||&#8220; link_font=&#8220;|700|||||||&#8220; header_font=&#8220;||||||||&#8220; header_2_font_size=&#8220;50px&#8220; header_2_line_height=&#8220;1.4em&#8220; max_width=&#8220;100%&#8220; module_alignment=&#8220;center&#8220; custom_margin=&#8220;|||&#8220; custom_padding=&#8220;||0px|||&#8220; locked=&#8220;off&#8220; global_colors_info=&#8220;{}&#8220;]<\/p>\n<h2>Let&#8217;s Work Together<\/h2>\n<p>Gerne <a href=\"https:\/\/hublift.nl\/de\/kontakt\/\">beraten wir Sie unverbindlich<\/a> und sorgen daf\u00fcr, dass Ihr Aufzug Ihren Anforderungen entspricht. Kein Schnickschnack, der unn\u00f6tig hohe Preise verursacht, denn wir konzentrieren uns auf den Ursprung der Nachfrage, um den Aufzug zu schaffen, der perfekt zu Ihren Bed\u00fcrfnissen passt.<\/p>\n<p>[\/et_pb_text][\/et_pb_column][et_pb_column type=&#8220;1_2&#8243; _builder_version=&#8220;4.16&#8243; _module_preset=&#8220;default&#8220; global_colors_info=&#8220;{}&#8220;][et_pb_button button_url=&#8220;@ET-DC@eyJkeW5hbWljIjp0cnVlLCJjb250ZW50IjoicG9zdF9saW5rX3VybF9wYWdlIiwic2V0dGluZ3MiOnsicG9zdF9pZCI6IjQ2In19@&#8220; button_text=&#8220;Kontaktieren Sie uns direkt&#8220; button_alignment=&#8220;center&#8220; admin_label=&#8220;Button&#8220; _builder_version=&#8220;4.16&#8243; _dynamic_attributes=&#8220;button_url&#8220; custom_button=&#8220;on&#8220; button_text_size=&#8220;16px&#8220; button_text_color=&#8220;#FFFFFF&#8220; button_bg_color=&#8220;#206AB2&#8243; button_border_width=&#8220;0px&#8220; button_border_radius=&#8220;5px&#8220; button_letter_spacing=&#8220;2px&#8220; button_font=&#8220;Ubuntu||||||||&#8220; button_icon=&#8220;&#x3d;||divi||400&#8243; button_icon_color=&#8220;#FFFFFF&#8220; button_on_hover=&#8220;off&#8220; positioning=&#8220;absolute&#8220; position_origin_a=&#8220;center_left&#8220; position_origin_r=&#8220;top_right&#8220; background_layout=&#8220;dark&#8220; custom_margin=&#8220;40px||0px||false|false&#8220; custom_padding=&#8220;14px|36px|14px|28px|false|false&#8220; button_text_color_hover=&#8220;#ffffff&#8220; button_letter_spacing_hover=&#8220;2px&#8220; button_bg_color_hover=&#8220;#1fb6e9&#8243; locked=&#8220;off&#8220; global_colors_info=&#8220;{}&#8220; button_text_size__hover_enabled=&#8220;off&#8220; button_one_text_size__hover_enabled=&#8220;off&#8220; button_two_text_size__hover_enabled=&#8220;off&#8220; button_text_color__hover_enabled=&#8220;on&#8220; button_text_color__hover=&#8220;#ffffff&#8220; button_one_text_color__hover_enabled=&#8220;off&#8220; button_two_text_color__hover_enabled=&#8220;off&#8220; button_border_width__hover_enabled=&#8220;off&#8220; button_one_border_width__hover_enabled=&#8220;off&#8220; button_two_border_width__hover_enabled=&#8220;off&#8220; button_border_color__hover_enabled=&#8220;off&#8220; button_one_border_color__hover_enabled=&#8220;off&#8220; button_two_border_color__hover_enabled=&#8220;off&#8220; button_border_radius__hover_enabled=&#8220;off&#8220; button_one_border_radius__hover_enabled=&#8220;off&#8220; button_two_border_radius__hover_enabled=&#8220;off&#8220; button_letter_spacing__hover_enabled=&#8220;on&#8220; button_letter_spacing__hover=&#8220;2px&#8220; button_one_letter_spacing__hover_enabled=&#8220;off&#8220; button_two_letter_spacing__hover_enabled=&#8220;off&#8220; button_bg_color__hover_enabled=&#8220;on&#8220; button_bg_color__hover=&#8220;#1fb6e9&#8243; button_one_bg_color__hover_enabled=&#8220;off&#8220; button_two_bg_color__hover_enabled=&#8220;off&#8220;][\/et_pb_button][\/et_pb_column][\/et_pb_row][\/et_pb_section]<\/p>\n","protected":false},"excerpt":{"rendered":"<p>Autoaufzug mit beweglichem Dach f\u00fcr ein PrivathausErgebnisEin kompletter, in die Einfahrt integrierter Autolift, der t\u00e4glich von der ganzen Familie genutzt wird. Mit vier Hubs\u00e4ulen und einem beweglichen Dach sorgt dieser Lift daf\u00fcr, dass Autos sicher und bequem vom Erdgeschoss in die Tiefgarage transportiert werden k\u00f6nnen. In Kombination mit der Handsteuerung m\u00fcssen die Fahrer das Auto [&hellip;]<\/p>\n","protected":false},"author":4,"featured_media":5532,"comment_status":"closed","ping_status":"closed","template":"","meta":{"_et_pb_use_builder":"on","_et_pb_old_content":"","_et_gb_content_width":"","inline_featured_image":false,"footnotes":""},"project_category":[33],"project_tag":[],"class_list":["post-7902","project","type-project","status-publish","has-post-thumbnail","hentry","project_category-autoaufzug"],"yoast_head":"<!-- This site is optimized with the Yoast SEO Premium plugin v26.5 (Yoast SEO v26.8) - https:\/\/yoast.com\/product\/yoast-seo-premium-wordpress\/ -->\n<title>Autoaufzug mit beweglichem Dach f\u00fcr ein Privathaus - Hublift<\/title>\n<meta name=\"robots\" content=\"index, follow, max-snippet:-1, max-image-preview:large, max-video-preview:-1\" \/>\n<link rel=\"canonical\" href=\"https:\/\/hublift.nl\/de\/project\/autoaufzug-mit-beweglichem-dach-fuer-ein-privathaus\/\" \/>\n<meta property=\"og:locale\" content=\"de_DE\" \/>\n<meta property=\"og:type\" content=\"article\" \/>\n<meta property=\"og:title\" content=\"Autoaufzug mit beweglichem Dach f\u00fcr ein Privathaus\" \/>\n<meta property=\"og:description\" content=\"Autoaufzug mit beweglichem Dach f\u00fcr ein PrivathausErgebnisEin kompletter, in die Einfahrt integrierter Autolift, der t\u00e4glich von der ganzen Familie genutzt wird. Mit vier Hubs\u00e4ulen und einem beweglichen Dach sorgt dieser Lift daf\u00fcr, dass Autos sicher und bequem vom Erdgeschoss in die Tiefgarage transportiert werden k\u00f6nnen. In Kombination mit der Handsteuerung m\u00fcssen die Fahrer das Auto [&hellip;]\" \/>\n<meta property=\"og:url\" content=\"https:\/\/hublift.nl\/de\/project\/autoaufzug-mit-beweglichem-dach-fuer-ein-privathaus\/\" \/>\n<meta property=\"og:site_name\" content=\"Hublift\" \/>\n<meta property=\"article:modified_time\" content=\"2025-02-12T10:03:01+00:00\" \/>\n<meta property=\"og:image\" content=\"https:\/\/hublift.nl\/wp-content\/uploads\/2022\/07\/Autolift-in-oprit.jpg\" \/>\n\t<meta property=\"og:image:width\" content=\"2048\" \/>\n\t<meta property=\"og:image:height\" content=\"1366\" \/>\n\t<meta property=\"og:image:type\" content=\"image\/jpeg\" \/>\n<meta name=\"twitter:card\" content=\"summary_large_image\" \/>\n<meta name=\"twitter:label1\" content=\"Gesch\u00e4tzte Lesezeit\" \/>\n\t<meta name=\"twitter:data1\" content=\"13\u00a0Minuten\" \/>\n<script type=\"application\/ld+json\" class=\"yoast-schema-graph\">{\"@context\":\"https:\/\/schema.org\",\"@graph\":[{\"@type\":\"WebPage\",\"@id\":\"https:\/\/hublift.nl\/de\/project\/autoaufzug-mit-beweglichem-dach-fuer-ein-privathaus\/\",\"url\":\"https:\/\/hublift.nl\/de\/project\/autoaufzug-mit-beweglichem-dach-fuer-ein-privathaus\/\",\"name\":\"Autoaufzug mit beweglichem Dach f\u00fcr ein Privathaus - Hublift\",\"isPartOf\":{\"@id\":\"https:\/\/hublift.nl\/de\/#website\"},\"primaryImageOfPage\":{\"@id\":\"https:\/\/hublift.nl\/de\/project\/autoaufzug-mit-beweglichem-dach-fuer-ein-privathaus\/#primaryimage\"},\"image\":{\"@id\":\"https:\/\/hublift.nl\/de\/project\/autoaufzug-mit-beweglichem-dach-fuer-ein-privathaus\/#primaryimage\"},\"thumbnailUrl\":\"https:\/\/hublift.nl\/wp-content\/uploads\/2022\/07\/Autolift-in-oprit.jpg\",\"datePublished\":\"2025-02-12T10:02:53+00:00\",\"dateModified\":\"2025-02-12T10:03:01+00:00\",\"breadcrumb\":{\"@id\":\"https:\/\/hublift.nl\/de\/project\/autoaufzug-mit-beweglichem-dach-fuer-ein-privathaus\/#breadcrumb\"},\"inLanguage\":\"de\",\"potentialAction\":[{\"@type\":\"ReadAction\",\"target\":[\"https:\/\/hublift.nl\/de\/project\/autoaufzug-mit-beweglichem-dach-fuer-ein-privathaus\/\"]}]},{\"@type\":\"ImageObject\",\"inLanguage\":\"de\",\"@id\":\"https:\/\/hublift.nl\/de\/project\/autoaufzug-mit-beweglichem-dach-fuer-ein-privathaus\/#primaryimage\",\"url\":\"https:\/\/hublift.nl\/wp-content\/uploads\/2022\/07\/Autolift-in-oprit.jpg\",\"contentUrl\":\"https:\/\/hublift.nl\/wp-content\/uploads\/2022\/07\/Autolift-in-oprit.jpg\",\"width\":2048,\"height\":1366,\"caption\":\"Autolift in oprit\"},{\"@type\":\"BreadcrumbList\",\"@id\":\"https:\/\/hublift.nl\/de\/project\/autoaufzug-mit-beweglichem-dach-fuer-ein-privathaus\/#breadcrumb\",\"itemListElement\":[{\"@type\":\"ListItem\",\"position\":1,\"name\":\"Home\",\"item\":\"https:\/\/hublift.nl\/de\/\"},{\"@type\":\"ListItem\",\"position\":2,\"name\":\"Projekte\",\"item\":\"https:\/\/hublift.nl\/de\/project\/\"},{\"@type\":\"ListItem\",\"position\":3,\"name\":\"Autoaufzug mit beweglichem Dach f\u00fcr ein Privathaus\"}]},{\"@type\":\"WebSite\",\"@id\":\"https:\/\/hublift.nl\/de\/#website\",\"url\":\"https:\/\/hublift.nl\/de\/\",\"name\":\"Hublift\",\"description\":\"De specialist in goederen- auto- en personenliften.\",\"publisher\":{\"@id\":\"https:\/\/hublift.nl\/de\/#organization\"},\"potentialAction\":[{\"@type\":\"SearchAction\",\"target\":{\"@type\":\"EntryPoint\",\"urlTemplate\":\"https:\/\/hublift.nl\/de\/?s={search_term_string}\"},\"query-input\":{\"@type\":\"PropertyValueSpecification\",\"valueRequired\":true,\"valueName\":\"search_term_string\"}}],\"inLanguage\":\"de\"},{\"@type\":\"Organization\",\"@id\":\"https:\/\/hublift.nl\/de\/#organization\",\"name\":\"Hublift BV\",\"url\":\"https:\/\/hublift.nl\/de\/\",\"logo\":{\"@type\":\"ImageObject\",\"inLanguage\":\"de\",\"@id\":\"https:\/\/hublift.nl\/de\/#\/schema\/logo\/image\/\",\"url\":\"https:\/\/hublift.nl\/wp-content\/uploads\/2019\/11\/logo.png\",\"contentUrl\":\"https:\/\/hublift.nl\/wp-content\/uploads\/2019\/11\/logo.png\",\"width\":440,\"height\":170,\"caption\":\"Hublift BV\"},\"image\":{\"@id\":\"https:\/\/hublift.nl\/de\/#\/schema\/logo\/image\/\"},\"sameAs\":[\"https:\/\/www.linkedin.com\/company\/hublift\/\"]}]}<\/script>\n<!-- \/ Yoast SEO Premium plugin. -->","yoast_head_json":{"title":"Autoaufzug mit beweglichem Dach f\u00fcr ein Privathaus - Hublift","robots":{"index":"index","follow":"follow","max-snippet":"max-snippet:-1","max-image-preview":"max-image-preview:large","max-video-preview":"max-video-preview:-1"},"canonical":"https:\/\/hublift.nl\/de\/project\/autoaufzug-mit-beweglichem-dach-fuer-ein-privathaus\/","og_locale":"de_DE","og_type":"article","og_title":"Autoaufzug mit beweglichem Dach f\u00fcr ein Privathaus","og_description":"Autoaufzug mit beweglichem Dach f\u00fcr ein PrivathausErgebnisEin kompletter, in die Einfahrt integrierter Autolift, der t\u00e4glich von der ganzen Familie genutzt wird. Mit vier Hubs\u00e4ulen und einem beweglichen Dach sorgt dieser Lift daf\u00fcr, dass Autos sicher und bequem vom Erdgeschoss in die Tiefgarage transportiert werden k\u00f6nnen. In Kombination mit der Handsteuerung m\u00fcssen die Fahrer das Auto [&hellip;]","og_url":"https:\/\/hublift.nl\/de\/project\/autoaufzug-mit-beweglichem-dach-fuer-ein-privathaus\/","og_site_name":"Hublift","article_modified_time":"2025-02-12T10:03:01+00:00","og_image":[{"width":2048,"height":1366,"url":"https:\/\/hublift.nl\/wp-content\/uploads\/2022\/07\/Autolift-in-oprit.jpg","type":"image\/jpeg"}],"twitter_card":"summary_large_image","twitter_misc":{"Gesch\u00e4tzte Lesezeit":"13\u00a0Minuten"},"schema":{"@context":"https:\/\/schema.org","@graph":[{"@type":"WebPage","@id":"https:\/\/hublift.nl\/de\/project\/autoaufzug-mit-beweglichem-dach-fuer-ein-privathaus\/","url":"https:\/\/hublift.nl\/de\/project\/autoaufzug-mit-beweglichem-dach-fuer-ein-privathaus\/","name":"Autoaufzug mit beweglichem Dach f\u00fcr ein Privathaus - Hublift","isPartOf":{"@id":"https:\/\/hublift.nl\/de\/#website"},"primaryImageOfPage":{"@id":"https:\/\/hublift.nl\/de\/project\/autoaufzug-mit-beweglichem-dach-fuer-ein-privathaus\/#primaryimage"},"image":{"@id":"https:\/\/hublift.nl\/de\/project\/autoaufzug-mit-beweglichem-dach-fuer-ein-privathaus\/#primaryimage"},"thumbnailUrl":"https:\/\/hublift.nl\/wp-content\/uploads\/2022\/07\/Autolift-in-oprit.jpg","datePublished":"2025-02-12T10:02:53+00:00","dateModified":"2025-02-12T10:03:01+00:00","breadcrumb":{"@id":"https:\/\/hublift.nl\/de\/project\/autoaufzug-mit-beweglichem-dach-fuer-ein-privathaus\/#breadcrumb"},"inLanguage":"de","potentialAction":[{"@type":"ReadAction","target":["https:\/\/hublift.nl\/de\/project\/autoaufzug-mit-beweglichem-dach-fuer-ein-privathaus\/"]}]},{"@type":"ImageObject","inLanguage":"de","@id":"https:\/\/hublift.nl\/de\/project\/autoaufzug-mit-beweglichem-dach-fuer-ein-privathaus\/#primaryimage","url":"https:\/\/hublift.nl\/wp-content\/uploads\/2022\/07\/Autolift-in-oprit.jpg","contentUrl":"https:\/\/hublift.nl\/wp-content\/uploads\/2022\/07\/Autolift-in-oprit.jpg","width":2048,"height":1366,"caption":"Autolift in oprit"},{"@type":"BreadcrumbList","@id":"https:\/\/hublift.nl\/de\/project\/autoaufzug-mit-beweglichem-dach-fuer-ein-privathaus\/#breadcrumb","itemListElement":[{"@type":"ListItem","position":1,"name":"Home","item":"https:\/\/hublift.nl\/de\/"},{"@type":"ListItem","position":2,"name":"Projekte","item":"https:\/\/hublift.nl\/de\/project\/"},{"@type":"ListItem","position":3,"name":"Autoaufzug mit beweglichem Dach f\u00fcr ein Privathaus"}]},{"@type":"WebSite","@id":"https:\/\/hublift.nl\/de\/#website","url":"https:\/\/hublift.nl\/de\/","name":"Hublift","description":"De specialist in goederen- auto- en personenliften.","publisher":{"@id":"https:\/\/hublift.nl\/de\/#organization"},"potentialAction":[{"@type":"SearchAction","target":{"@type":"EntryPoint","urlTemplate":"https:\/\/hublift.nl\/de\/?s={search_term_string}"},"query-input":{"@type":"PropertyValueSpecification","valueRequired":true,"valueName":"search_term_string"}}],"inLanguage":"de"},{"@type":"Organization","@id":"https:\/\/hublift.nl\/de\/#organization","name":"Hublift BV","url":"https:\/\/hublift.nl\/de\/","logo":{"@type":"ImageObject","inLanguage":"de","@id":"https:\/\/hublift.nl\/de\/#\/schema\/logo\/image\/","url":"https:\/\/hublift.nl\/wp-content\/uploads\/2019\/11\/logo.png","contentUrl":"https:\/\/hublift.nl\/wp-content\/uploads\/2019\/11\/logo.png","width":440,"height":170,"caption":"Hublift BV"},"image":{"@id":"https:\/\/hublift.nl\/de\/#\/schema\/logo\/image\/"},"sameAs":["https:\/\/www.linkedin.com\/company\/hublift\/"]}]}},"_links":{"self":[{"href":"https:\/\/hublift.nl\/de\/wp-json\/wp\/v2\/project\/7902","targetHints":{"allow":["GET"]}}],"collection":[{"href":"https:\/\/hublift.nl\/de\/wp-json\/wp\/v2\/project"}],"about":[{"href":"https:\/\/hublift.nl\/de\/wp-json\/wp\/v2\/types\/project"}],"author":[{"embeddable":true,"href":"https:\/\/hublift.nl\/de\/wp-json\/wp\/v2\/users\/4"}],"replies":[{"embeddable":true,"href":"https:\/\/hublift.nl\/de\/wp-json\/wp\/v2\/comments?post=7902"}],"version-history":[{"count":1,"href":"https:\/\/hublift.nl\/de\/wp-json\/wp\/v2\/project\/7902\/revisions"}],"predecessor-version":[{"id":7909,"href":"https:\/\/hublift.nl\/de\/wp-json\/wp\/v2\/project\/7902\/revisions\/7909"}],"wp:featuredmedia":[{"embeddable":true,"href":"https:\/\/hublift.nl\/de\/wp-json\/wp\/v2\/media\/5532"}],"wp:attachment":[{"href":"https:\/\/hublift.nl\/de\/wp-json\/wp\/v2\/media?parent=7902"}],"wp:term":[{"taxonomy":"project_category","embeddable":true,"href":"https:\/\/hublift.nl\/de\/wp-json\/wp\/v2\/project_category?post=7902"},{"taxonomy":"project_tag","embeddable":true,"href":"https:\/\/hublift.nl\/de\/wp-json\/wp\/v2\/project_tag?post=7902"}],"curies":[{"name":"wp","href":"https:\/\/api.w.org\/{rel}","templated":true}]}}